{"id":42,"date":"2022-09-11T16:34:19","date_gmt":"2022-09-11T15:34:19","guid":{"rendered":"https:\/\/www.sainttropez.aeroport.fr\/?page_id=42"},"modified":"2025-04-23T17:26:13","modified_gmt":"2025-04-23T16:26:13","slug":"decouverte-de-la-presquile","status":"publish","type":"page","link":"https:\/\/www.sainttropez.aeroport.fr\/fr\/decouverte-de-la-presquile","title":{"rendered":"D\u00e9couverte de la presqu&rsquo;\u00eele"},"content":{"rendered":"\n<div class=\"wp-block-group alignwide has-w-background-color has-background is-layout-flow wp-block-group-is-layout-flow\">\n<h2 class=\"wp-block-heading\">Le mythe de Saint-Tropez<\/h2>\n\n\n\n<p class=\"wp-block-paragraph\">Star internationale du tourisme, Saint-Tropez a contribu\u00e9 \u00e0 la renomm\u00e9e de la c\u00f4te d\u2019Azur : d\u00e8s 1950, quand le monde artistique et intellectuel parisien, envo\u00fbt\u00e9 par le charme du petit port, descendait \u00e0 &nbsp;<strong>\u00ab&nbsp;Saint-Trop&nbsp;\u00bb : Le mythe \u00e9tait n\u00e9.<\/strong><\/p>\n\n\n\n<p class=\"wp-block-paragraph\">Avec l\u2019arriv\u00e9e de Brigitte Bardot dans les ann\u00e9es 60, il s\u2019est accentu\u00e9. Depuis Saint-Tropez est devenu la destination pr\u00e9f\u00e9r\u00e9e du Tout-Paris mondain et de la jet Internationale, plusieurs f\u00eates priv\u00e9es ont lieu chaque soir dans les luxueuses villas du golfe o\u00f9 certains des convives arrivent m\u00eame en h\u00e9licopt\u00e8re.<\/p>\n\n\n\n<p class=\"wp-block-paragraph\">Aux terrasses des caf\u00e9s, l\u2019objectif des visiteurs est de voir et d\u2019\u00eatre vu, sur le port, les gigantesques yachts rivalisent, par leur taille, leur \u00e9quipage et les superbes cr\u00e9atures qui s\u2019y montrent.<\/p>\n\n\n\n<p class=\"wp-block-paragraph\">La place aux herbes offre fruits, fleurs, l\u00e9gumes et poissons fra\u00eechement p\u00e9ch\u00e9s par les \u00ab&nbsp;Pescadous&nbsp;\u00bb.<\/p>\n\n\n\n<figure class=\"wp-block-image alignfull size-full\"><img loading=\"lazy\" decoding=\"async\" width=\"940\" height=\"553\" data-tippy-content=\"saint-tropez-vue-aerienne-16-photo-bertrand\" src=\"https:\/\/www.sainttropez.aeroport.fr\/app\/uploads\/2022\/12\/saint-tropez-vue-aerienne-16-photo-bertrand.jpg\" alt=\"\" class=\"wp-image-1707\" srcset=\"https:\/\/www.sainttropez.aeroport.fr\/app\/uploads\/2022\/12\/saint-tropez-vue-aerienne-16-photo-bertrand.jpg 940w, https:\/\/www.sainttropez.aeroport.fr\/app\/uploads\/2022\/12\/saint-tropez-vue-aerienne-16-photo-bertrand-300x176.jpg 300w, https:\/\/www.sainttropez.aeroport.fr\/app\/uploads\/2022\/12\/saint-tropez-vue-aerienne-16-photo-bertrand-768x452.jpg 768w\" sizes=\"auto, (max-width: 940px) 100vw, 940px\" \/><\/figure>\n\n\n\n<h2 class=\"wp-block-heading\">La l\u00e9gende de Saint-Tropez<\/h2>\n\n\n\n<p class=\"wp-block-paragraph\">La l\u00e9gende de Saint-Tropez raconte que le centurion chr\u00e9tien Torp\u00e8s, d\u00e9capit\u00e9 par ordre de N\u00e9ron, fut mis dans une barque et livr\u00e9 aux flots avec un coq et un chien, ceux-ci auraint d\u00fb le d\u00e9vorer mais ils laiss\u00e8rent son corps intact.<\/p>\n\n\n\n<p class=\"wp-block-paragraph\">La barque aurait alors abord\u00e9 la c\u00f4te \u00e0 l\u2019emplacement exact de ce qui allait devenir par d\u00e9formation du nom Torp\u00e8s, le village de Saint-Tropez<\/p>\n\n\n\n<h2 class=\"wp-block-heading\">A ne pas manquer<\/h2>\n\n\n\n<div class=\"wp-block-query alignfull is-layout-flow wp-block-query-is-layout-flow\"><ul class=\"columns-3 wp-block-post-template is-layout-grid wp-container-core-post-template-is-layout-748c1b9b wp-block-post-template-is-layout-grid\"><li class=\"wp-block-post post-1711 page type-page status-publish has-post-thumbnail hentry\">\n\n<div class=\"wp-block-cover has-custom-content-position is-position-bottom-left\"><span aria-hidden=\"true\" class=\"wp-block-cover__background has-background-dim has-background-gradient has-bg-gradient-to-black-bottom-gradient-background\"><\/span><img loading=\"lazy\" decoding=\"async\" width=\"940\" height=\"553\" src=\"https:\/\/www.sainttropez.aeroport.fr\/app\/uploads\/2022\/12\/les-jardins-du-rayol.jpg\" class=\"wp-block-cover__image-background wp-post-image\" alt=\"\" data-object-fit=\"cover\" srcset=\"https:\/\/www.sainttropez.aeroport.fr\/app\/uploads\/2022\/12\/les-jardins-du-rayol.jpg 940w, https:\/\/www.sainttropez.aeroport.fr\/app\/uploads\/2022\/12\/les-jardins-du-rayol-300x176.jpg 300w, https:\/\/www.sainttropez.aeroport.fr\/app\/uploads\/2022\/12\/les-jardins-du-rayol-768x452.jpg 768w\" sizes=\"auto, (max-width: 940px) 100vw, 940px\" \/><div class=\"wp-block-cover__inner-container is-layout-constrained wp-block-cover-is-layout-constrained\"><h2 class=\"wp-block-post-title\"><a href=\"https:\/\/www.sainttropez.aeroport.fr\/fr\/decouverte-de-la-presquile\/les-jardins-du-rayol\" target=\"_self\" >Les jardins du Rayol<\/a><\/h2><\/div><\/div>\n\n<\/li><li class=\"wp-block-post post-1724 page type-page status-publish has-post-thumbnail hentry\">\n\n<div class=\"wp-block-cover has-custom-content-position is-position-bottom-left\"><span aria-hidden=\"true\" class=\"wp-block-cover__background has-background-dim has-background-gradient has-bg-gradient-to-black-bottom-gradient-background\"><\/span><img loading=\"lazy\" decoding=\"async\" width=\"940\" height=\"553\" src=\"https:\/\/www.sainttropez.aeroport.fr\/app\/uploads\/2022\/12\/saint-tropez-citadelle-1-8-photo-bertrand.jpg\" class=\"wp-block-cover__image-background wp-post-image\" alt=\"\" data-object-fit=\"cover\" srcset=\"https:\/\/www.sainttropez.aeroport.fr\/app\/uploads\/2022\/12\/saint-tropez-citadelle-1-8-photo-bertrand.jpg 940w, https:\/\/www.sainttropez.aeroport.fr\/app\/uploads\/2022\/12\/saint-tropez-citadelle-1-8-photo-bertrand-300x176.jpg 300w, https:\/\/www.sainttropez.aeroport.fr\/app\/uploads\/2022\/12\/saint-tropez-citadelle-1-8-photo-bertrand-768x452.jpg 768w\" sizes=\"auto, (max-width: 940px) 100vw, 940px\" \/><div class=\"wp-block-cover__inner-container is-layout-constrained wp-block-cover-is-layout-constrained\"><h2 class=\"wp-block-post-title\"><a href=\"https:\/\/www.sainttropez.aeroport.fr\/fr\/decouverte-de-la-presquile\/la-citadelle-de-saint-tropez\" target=\"_self\" >La Citadelle de Saint-Tropez<\/a><\/h2><\/div><\/div>\n\n<\/li><li class=\"wp-block-post post-1734 page type-page status-publish has-post-thumbnail hentry\">\n\n<div class=\"wp-block-cover has-custom-content-position is-position-bottom-left\"><span aria-hidden=\"true\" class=\"wp-block-cover__background has-background-dim has-background-gradient has-bg-gradient-to-black-bottom-gradient-background\"><\/span><img loading=\"lazy\" decoding=\"async\" width=\"1890\" height=\"1890\" src=\"https:\/\/www.sainttropez.aeroport.fr\/app\/uploads\/2022\/12\/01102014-PA010227.jpg\" class=\"wp-block-cover__image-background wp-post-image\" alt=\"\" data-object-fit=\"cover\" srcset=\"https:\/\/www.sainttropez.aeroport.fr\/app\/uploads\/2022\/12\/01102014-PA010227.jpg 1890w, https:\/\/www.sainttropez.aeroport.fr\/app\/uploads\/2022\/12\/01102014-PA010227-300x300.jpg 300w, https:\/\/www.sainttropez.aeroport.fr\/app\/uploads\/2022\/12\/01102014-PA010227-1024x1024.jpg 1024w, https:\/\/www.sainttropez.aeroport.fr\/app\/uploads\/2022\/12\/01102014-PA010227-150x150.jpg 150w, https:\/\/www.sainttropez.aeroport.fr\/app\/uploads\/2022\/12\/01102014-PA010227-768x768.jpg 768w, https:\/\/www.sainttropez.aeroport.fr\/app\/uploads\/2022\/12\/01102014-PA010227-1536x1536.jpg 1536w\" sizes=\"auto, (max-width: 1890px) 100vw, 1890px\" \/><div class=\"wp-block-cover__inner-container is-layout-constrained wp-block-cover-is-layout-constrained\"><h2 class=\"wp-block-post-title\"><a href=\"https:\/\/www.sainttropez.aeroport.fr\/fr\/decouverte-de-la-presquile\/les-voiles-de-saint-tropez\" target=\"_self\" >Les voiles de Saint-Tropez<\/a><\/h2><\/div><\/div>\n\n<\/li><li class=\"wp-block-post post-1744 page type-page status-publish has-post-thumbnail hentry\">\n\n<div class=\"wp-block-cover has-custom-content-position is-position-bottom-left\"><span aria-hidden=\"true\" class=\"wp-block-cover__background has-background-dim has-background-gradient has-bg-gradient-to-black-bottom-gradient-background\"><\/span><img loading=\"lazy\" decoding=\"async\" width=\"940\" height=\"553\" src=\"https:\/\/www.sainttropez.aeroport.fr\/app\/uploads\/2022\/12\/la-mole-barrage-0-01-photo-bertrand.jpg\" class=\"wp-block-cover__image-background wp-post-image\" alt=\"\" data-object-fit=\"cover\" srcset=\"https:\/\/www.sainttropez.aeroport.fr\/app\/uploads\/2022\/12\/la-mole-barrage-0-01-photo-bertrand.jpg 940w, https:\/\/www.sainttropez.aeroport.fr\/app\/uploads\/2022\/12\/la-mole-barrage-0-01-photo-bertrand-300x176.jpg 300w, https:\/\/www.sainttropez.aeroport.fr\/app\/uploads\/2022\/12\/la-mole-barrage-0-01-photo-bertrand-768x452.jpg 768w\" sizes=\"auto, (max-width: 940px) 100vw, 940px\" \/><div class=\"wp-block-cover__inner-container is-layout-constrained wp-block-cover-is-layout-constrained\"><h2 class=\"wp-block-post-title\"><a href=\"https:\/\/www.sainttropez.aeroport.fr\/fr\/decouverte-de-la-presquile\/le-village-de-la-mole\" target=\"_self\" >Le village de La Mole<\/a><\/h2><\/div><\/div>\n\n<\/li><li class=\"wp-block-post post-1764 page type-page status-publish has-post-thumbnail hentry\">\n\n<div class=\"wp-block-cover has-custom-content-position is-position-bottom-left\"><span aria-hidden=\"true\" class=\"wp-block-cover__background has-background-dim has-background-gradient has-bg-gradient-to-black-bottom-gradient-background\"><\/span><img loading=\"lazy\" decoding=\"async\" width=\"940\" height=\"553\" src=\"https:\/\/www.sainttropez.aeroport.fr\/app\/uploads\/2022\/12\/festival_plaisance_cannes.jpg\" class=\"wp-block-cover__image-background wp-post-image\" alt=\"\" data-object-fit=\"cover\" srcset=\"https:\/\/www.sainttropez.aeroport.fr\/app\/uploads\/2022\/12\/festival_plaisance_cannes.jpg 940w, https:\/\/www.sainttropez.aeroport.fr\/app\/uploads\/2022\/12\/festival_plaisance_cannes-300x176.jpg 300w, https:\/\/www.sainttropez.aeroport.fr\/app\/uploads\/2022\/12\/festival_plaisance_cannes-768x452.jpg 768w\" sizes=\"auto, (max-width: 940px) 100vw, 940px\" \/><div class=\"wp-block-cover__inner-container is-layout-constrained wp-block-cover-is-layout-constrained\"><h2 class=\"wp-block-post-title\"><a href=\"https:\/\/www.sainttropez.aeroport.fr\/fr\/decouverte-de-la-presquile\/festival-de-la-plaisance\" target=\"_self\" >Festival de la plaisance<\/a><\/h2><\/div><\/div>\n\n<\/li><li class=\"wp-block-post post-1774 page type-page status-publish has-post-thumbnail hentry\">\n\n<div class=\"wp-block-cover has-custom-content-position is-position-bottom-left\"><span aria-hidden=\"true\" class=\"wp-block-cover__background has-background-dim has-background-gradient has-bg-gradient-to-black-bottom-gradient-background\"><\/span><img loading=\"lazy\" decoding=\"async\" width=\"940\" height=\"553\" src=\"https:\/\/www.sainttropez.aeroport.fr\/app\/uploads\/2022\/12\/festival-cannes-1.jpg\" class=\"wp-block-cover__image-background wp-post-image\" alt=\"\" data-object-fit=\"cover\" srcset=\"https:\/\/www.sainttropez.aeroport.fr\/app\/uploads\/2022\/12\/festival-cannes-1.jpg 940w, https:\/\/www.sainttropez.aeroport.fr\/app\/uploads\/2022\/12\/festival-cannes-1-300x176.jpg 300w, https:\/\/www.sainttropez.aeroport.fr\/app\/uploads\/2022\/12\/festival-cannes-1-768x452.jpg 768w\" sizes=\"auto, (max-width: 940px) 100vw, 940px\" \/><div class=\"wp-block-cover__inner-container is-layout-constrained wp-block-cover-is-layout-constrained\"><h2 class=\"wp-block-post-title\"><a href=\"https:\/\/www.sainttropez.aeroport.fr\/fr\/decouverte-de-la-presquile\/festival-de-cinema-de-cannes\" target=\"_self\" >Festival de cin\u00e9ma de Cannes<\/a><\/h2><\/div><\/div>\n\n<\/li><li class=\"wp-block-post post-1782 page type-page status-publish has-post-thumbnail hentry\">\n\n<div class=\"wp-block-cover has-custom-content-position is-position-bottom-left\"><span aria-hidden=\"true\" class=\"wp-block-cover__background has-background-dim has-background-gradient has-bg-gradient-to-black-bottom-gradient-background\"><\/span><img loading=\"lazy\" decoding=\"async\" width=\"940\" height=\"553\" src=\"https:\/\/www.sainttropez.aeroport.fr\/app\/uploads\/2022\/12\/affiches-f1-monaco.jpg\" class=\"wp-block-cover__image-background wp-post-image\" alt=\"\" data-object-fit=\"cover\" srcset=\"https:\/\/www.sainttropez.aeroport.fr\/app\/uploads\/2022\/12\/affiches-f1-monaco.jpg 940w, https:\/\/www.sainttropez.aeroport.fr\/app\/uploads\/2022\/12\/affiches-f1-monaco-300x176.jpg 300w, https:\/\/www.sainttropez.aeroport.fr\/app\/uploads\/2022\/12\/affiches-f1-monaco-768x452.jpg 768w\" sizes=\"auto, (max-width: 940px) 100vw, 940px\" \/><div class=\"wp-block-cover__inner-container is-layout-constrained wp-block-cover-is-layout-constrained\"><h2 class=\"wp-block-post-title\"><a href=\"https:\/\/www.sainttropez.aeroport.fr\/fr\/decouverte-de-la-presquile\/grand-prix-de-f1-de-monaco\" target=\"_self\" >Grand prix de F1 de Monaco<\/a><\/h2><\/div><\/div>\n\n<\/li><li class=\"wp-block-post post-1756 page type-page status-publish has-post-thumbnail hentry\">\n\n<div class=\"wp-block-cover has-custom-content-position is-position-bottom-left\"><span aria-hidden=\"true\" class=\"wp-block-cover__background has-background-dim has-background-gradient has-bg-gradient-to-black-bottom-gradient-background\"><\/span><img loading=\"lazy\" decoding=\"async\" width=\"940\" height=\"553\" src=\"https:\/\/www.sainttropez.aeroport.fr\/app\/uploads\/2022\/12\/gassin-polo-21.jpg\" class=\"wp-block-cover__image-background wp-post-image\" alt=\"\" data-object-fit=\"cover\" srcset=\"https:\/\/www.sainttropez.aeroport.fr\/app\/uploads\/2022\/12\/gassin-polo-21.jpg 940w, https:\/\/www.sainttropez.aeroport.fr\/app\/uploads\/2022\/12\/gassin-polo-21-300x176.jpg 300w, https:\/\/www.sainttropez.aeroport.fr\/app\/uploads\/2022\/12\/gassin-polo-21-768x452.jpg 768w\" sizes=\"auto, (max-width: 940px) 100vw, 940px\" \/><div class=\"wp-block-cover__inner-container is-layout-constrained wp-block-cover-is-layout-constrained\"><h2 class=\"wp-block-post-title\"><a href=\"https:\/\/www.sainttropez.aeroport.fr\/fr\/decouverte-de-la-presquile\/polo-club-de-saint-tropez\" target=\"_self\" >Polo-Club de Saint-Tropez<\/a><\/h2><\/div><\/div>\n\n<\/li><\/ul><\/div>\n<\/div>\n","protected":false},"excerpt":{"rendered":"<p>Le mythe de Saint-Tropez Star internationale du tourisme, Saint-Tropez a contribu\u00e9 \u00e0 la renomm\u00e9e de la c\u00f4te d\u2019Azur : d\u00e8s 1950, quand le monde artistique et intellectuel parisien, envo\u00fbt\u00e9 par le charme du petit port, descendait \u00e0 &nbsp;\u00ab&nbsp;Saint-Trop&nbsp;\u00bb : Le mythe \u00e9tait n\u00e9. Avec l\u2019arriv\u00e9e de Brigitte Bardot dans les ann\u00e9es 60, il s\u2019est accentu\u00e9&#8230;.<\/p>\n","protected":false},"author":1,"featured_media":1705,"parent":0,"menu_order":43,"comment_status":"closed","ping_status":"closed","template":"","meta":{"_acf_changed":false,"_crdt_document":"","footnotes":""},"class_list":["post-42","page","type-page","status-publish","has-post-thumbnail","hentry"],"acf":{"subtitle":"","autoplay":false,"delay":"","video_mp4":false,"video_webm":false,"poster_image":false,"nugget":false,"partner":false,"tab":false,"title_alignement":"alignwide","address":false},"_links":{"self":[{"href":"https:\/\/www.sainttropez.aeroport.fr\/fr\/wp-json\/wp\/v2\/pages\/42","targetHints":{"allow":["GET"]}}],"collection":[{"href":"https:\/\/www.sainttropez.aeroport.fr\/fr\/wp-json\/wp\/v2\/pages"}],"about":[{"href":"https:\/\/www.sainttropez.aeroport.fr\/fr\/wp-json\/wp\/v2\/types\/page"}],"author":[{"embeddable":true,"href":"https:\/\/www.sainttropez.aeroport.fr\/fr\/wp-json\/wp\/v2\/users\/1"}],"replies":[{"embeddable":true,"href":"https:\/\/www.sainttropez.aeroport.fr\/fr\/wp-json\/wp\/v2\/comments?post=42"}],"version-history":[{"count":11,"href":"https:\/\/www.sainttropez.aeroport.fr\/fr\/wp-json\/wp\/v2\/pages\/42\/revisions"}],"predecessor-version":[{"id":3545,"href":"https:\/\/www.sainttropez.aeroport.fr\/fr\/wp-json\/wp\/v2\/pages\/42\/revisions\/3545"}],"wp:featuredmedia":[{"embeddable":true,"href":"https:\/\/www.sainttropez.aeroport.fr\/fr\/wp-json\/wp\/v2\/media\/1705"}],"wp:attachment":[{"href":"https:\/\/www.sainttropez.aeroport.fr\/fr\/wp-json\/wp\/v2\/media?parent=42"}],"curies":[{"name":"wp","href":"https:\/\/api.w.org\/{rel}","templated":true}]}}